{"id":3179,"date":"2018-10-06T22:20:46","date_gmt":"2018-10-06T19:20:46","guid":{"rendered":"https:\/\/www.altungida.com.tr\/?page_id=3179"},"modified":"2024-10-30T14:29:58","modified_gmt":"2024-10-30T11:29:58","slug":"tanitim","status":"publish","type":"page","link":"https:\/\/www.altungida.com.tr\/en\/tanitim\/","title":{"rendered":"Tan\u0131t\u0131m"},"content":{"rendered":"<div  class=\"vc_row wpb_row vc_row-fluid ftc-row-wide\"   ><div class=\"wpb_column vc_column_container vc_col-sm-12\"><div class=\"wpb_wrapper\">\n\t<div class=\"wpb_text_column wpb_content_element\" >\n\t\t<div class=\"wpb_wrapper\">\n\t\t\t<p class=\"s3\"><span class=\"s2\"><span class=\"bumpedFont15\">ALTUN GIDA SANAY\u0130 VE T\u0130CARET LTD.\u015eT\u0130.<\/span><\/span><\/p>\n<p class=\"s3\"><span class=\"s2\"><span class=\"bumpedFont15\">Firmam\u0131z 1964 y\u0131l\u0131nda rahmetli babam\u0131z Mehmet <\/span><\/span><span class=\"s2\"><span class=\"bumpedFont15\">Paltun<\/span><\/span><span class=\"s2\"><span class=\"bumpedFont15\"> taraf\u0131ndan kurulmu\u015ftur. 1964 y\u0131l\u0131 \u00f6ncesinde dedemiz Mahmut <\/span><\/span><span class=\"s2\"><span class=\"bumpedFont15\">Paltun<\/span><\/span><span class=\"s2\"><span class=\"bumpedFont15\"> y\u00fcr\u00fctt\u00fc\u011f\u00fc f\u0131nd\u0131k ticaretini 1987 y\u0131l\u0131nda o\u011flu Halil <\/span><\/span><span class=\"s2\"><span class=\"bumpedFont15\">Paltun\u2019a<\/span><\/span><span class=\"s2\"><span class=\"bumpedFont15\"> devretmi\u015ftir. Y\u0131ll\u0131k ortalama 500-800 ton civar\u0131nda kabuklu f\u0131nd\u0131k <\/span><\/span><span class=\"s2\"><span class=\"bumpedFont15\">tedari\u011fi<\/span><\/span><span class=\"s2\"><span class=\"bumpedFont15\"> yapan firmam\u0131z 1992 y\u0131l\u0131nda \u015firketle\u015ferek faaliyetlerine <\/span><\/span><span class=\"s2\"><span class=\"bumpedFont15\">Altun <\/span><\/span><span class=\"s2\"><span class=\"bumpedFont15\">G\u0131da San. ve Tic. Ltd. \u015eti. olarak devam etmi\u015ftir. Y\u0131ll\u0131k kabuklu f\u0131nd\u0131k tedarik miktar\u0131n\u0131 3500-4000 tonlara \u00e7\u0131karan \u015firketimiz y\u0131llarca Tirebolu\u2019nun f\u0131nd\u0131\u011f\u0131n\u0131 kabuklu olarak T\u00fcrkiye\u2019nin say\u0131l\u0131 \u015firketlerine satm\u0131\u015ft\u0131r. Sadece Tirebolu f\u0131nd\u0131\u011f\u0131 i\u015fleme ad\u0131na yola \u00e7\u0131kan \u015firketimiz 2011 y\u0131l\u0131nda Tirebolu\u2019da bulunan f\u0131nd\u0131k k\u0131rma fabrikas\u0131n\u0131 kiralayarak Tirebolu f\u0131nd\u0131\u011f\u0131n\u0131 i\u015flemeye ba\u015flam\u0131\u015ft\u0131r. 2012 y\u0131l\u0131nda <\/span><\/span><span class=\"s2\"><span class=\"bumpedFont15\">DOKA\u2019ya<\/span><\/span><span class=\"s2\"><span class=\"bumpedFont15\"> verdi\u011fi proje ile kavurma i\u015fleme tesisinin temellerini atan \u015firketimiz 2013 y\u0131l\u0131ndan itibaren tam te\u015fekk\u00fcll\u00fc olarak kavurma-k\u0131yma-ezme-<\/span><\/span><span class=\"s2\"><span class=\"bumpedFont15\">vakum ve <\/span><\/span><span class=\"s2\"><span class=\"bumpedFont15\">nat\u00fcrel<\/span><\/span><span class=\"s2\"><span class=\"bumpedFont15\"> paketleme faaliyetlerini h\u0131zland\u0131rm\u0131\u015ft\u0131r. 2015 y\u0131l\u0131ndan sonra f\u0131nd\u0131\u011f\u0131m\u0131z gitti\u011fi her yerde lezzeti ile b\u00fcy\u00fck takdir toplam\u0131\u015f ve f\u0131nd\u0131kta sayg\u0131n firmalara f\u0131nd\u0131k tedarik etmeye ba\u015flam\u0131\u015ft\u0131r. <\/span><\/span><span class=\"s2\"><span class=\"bumpedFont15\">Firmam\u0131z <\/span><\/span><span class=\"s2\"><span class=\"bumpedFont15\">faaliyeti<\/span><\/span><span class=\"s2\"><span class=\"bumpedFont15\"> her t\u00fcrl\u00fc f\u0131nd\u0131k al\u0131m- sat\u0131m\u0131, k\u0131rma, kavurma, ihracat i\u015flemleri ve depolama i\u015flemleri ile bug\u00fcn faaliyetine devam etmektedir.<\/span><\/span><\/p>\n<p class=\"s3\"><span class=\"s2\"><span class=\"bumpedFont15\">G\u0131da sekt\u00f6r\u00fcnde g\u00fcvenlik ve <\/span><\/span><span class=\"s2\"><span class=\"bumpedFont15\">hijyen<\/span><\/span><span class=\"s2\"><span class=\"bumpedFont15\"> b\u00fcy\u00fck \u00f6nem arz etmektedir. Bu konu firmam\u0131za daha yo\u011fun ve \u00fcst derecede bir sorumluluk y\u00fcklemi\u015ftir.<\/span><\/span><\/p>\n<p class=\"s3\"><span class=\"s2\"><span class=\"bumpedFont15\">Firmam\u0131z HACCP sisteminin temelinde \u00f6ncelikle \u00fcretim ile ilgili t\u00fcm <\/span><\/span><span class=\"s2\"><span class=\"bumpedFont15\">proseslerde<\/span><\/span> <span class=\"s2\"><span class=\"bumpedFont15\">kontaminasyonun <\/span><\/span><span class=\"s2\"><span class=\"bumpedFont15\">\u00f6nlenmesi ger\u00e7e\u011fi yatmaktad\u0131r. Ayr\u0131ca bu konu ile ili\u015fkili olarak sat\u0131n al\u0131nan hammaddeler son derece titiz bir inceleme ve muayeneden ge\u00e7irilmektedir. Personelin g\u0131da g\u00fcvenli\u011fi ve <\/span><\/span><span class=\"s2\"><span class=\"bumpedFont15\">hijyeni<\/span><\/span><span class=\"s2\"><span class=\"bumpedFont15\"> ile ilgili e\u011fitim ve uygulamalar\u0131 <\/span><\/span><span class=\"s2\"><span class=\"bumpedFont15\">kontaminasyonu<\/span><\/span><span class=\"s2\"><span class=\"bumpedFont15\"> \u00f6nleyici faaliyetler aras\u0131nda yer al\u0131r.<\/span><\/span><\/p>\n<p class=\"s3\"><span class=\"s2\"><span class=\"bumpedFont15\">HACCP sistemimizin ikinci a\u015famalar\u0131nda olu\u015fan muhtemel <\/span><\/span><span class=\"s2\"><span class=\"bumpedFont15\">kontaminasyonlar\u0131n<\/span><\/span><span class=\"s2\"><span class=\"bumpedFont15\"> \u00fcreme ve \u00e7o\u011falma ortamlar\u0131n\u0131n yok edilmesi yatmaktad\u0131r. Bu hammadde giri\u015finden ve \u00fcretim a\u015famas\u0131ndan sonra t\u00fcketiciye kadar s\u00fcrd\u00fcr\u00fclmesi gere\u011fini ortaya koymu\u015ftur. Firmam\u0131z bu ama\u00e7la gerekli sevkiyat, da\u011f\u0131t\u0131m ve sat\u0131\u015f ko\u015fullar\u0131n\u0131 belirlemi\u015f ve y\u00fcr\u00fcrl\u00fc\u011fe koymu\u015ftur. Uygulamaya konulan HACCP sistemi ile birlikte \u00fcretim, depolama ve sevk a\u015famalar\u0131n\u0131n yan\u0131nda ambalajlama, ta\u015f\u0131ma, sat\u0131n alma ve i\u015faretleme konular\u0131 da gerekti\u011fi \u015fekilde planlanm\u0131\u015f ve y\u00fcr\u00fcrl\u00fc\u011fe al\u0131nm\u0131\u015ft\u0131r.<\/span><\/span><\/p>\n<p class=\"s3\"><span class=\"s2\"><span class=\"bumpedFont15\">En kaliteli \u00fcr\u00fcnleri, en ekonomik ko\u015fullarla sizlere ula\u015ft\u0131rmak prensibiyle yolumuza devam ediyoruz. Bu yolda de\u011ferli ele\u015ftirileriniz en \u00f6nemli kayna\u011f\u0131m\u0131z olacakt\u0131r.<\/span><\/span><\/p>\n<p class=\"s3\"><span class=\"s2\"><span class=\"bumpedFont15\">T\u00fcrkiye\u2019nin ve T\u00fcrkiyelinin en iyiye lay\u0131k oldu\u011funu d\u00fc\u015f\u00fcn\u00fcyoruz.<\/span><\/span><\/p>\n\n\t\t<\/div>\n\t<\/div>\n<\/div><\/div><\/div>","protected":false},"excerpt":{"rendered":"ALTUN GIDA SANAY\u0130 VE T\u0130CARET LTD.\u015eT\u0130. Firmam\u0131z 1964 y\u0131l\u0131nda rahmetli babam\u0131z Mehmet Paltun taraf\u0131ndan kurulmu\u015ftur. 1964 y\u0131l\u0131 \u00f6ncesinde dedemiz Mahmut Paltun y\u00fcr\u00fctt\u00fc\u011f\u00fc f\u0131nd\u0131k ticaretini 1987 y\u0131l\u0131nda o\u011flu Halil Paltun\u2019a devretmi\u015ftir. Y\u0131ll\u0131k ortalama 500-800 ton civar\u0131nda kabuklu f\u0131nd\u0131k tedari\u011fi yapan firmam\u0131z 1992 y\u0131l\u0131nda \u015firketle\u015ferek faaliyetlerine Altun G\u0131da San. ve Tic. Ltd. \u015eti. olarak devam etmi\u015ftir. Y\u0131ll\u0131k [...]","protected":false},"author":6,"featured_media":0,"parent":0,"menu_order":0,"comment_status":"closed","ping_status":"closed","template":"","meta":{"footnotes":""},"_links":{"self":[{"href":"https:\/\/www.altungida.com.tr\/en\/wp-json\/wp\/v2\/pages\/3179"}],"collection":[{"href":"https:\/\/www.altungida.com.tr\/en\/wp-json\/wp\/v2\/pages"}],"about":[{"href":"https:\/\/www.altungida.com.tr\/en\/wp-json\/wp\/v2\/types\/page"}],"author":[{"embeddable":true,"href":"https:\/\/www.altungida.com.tr\/en\/wp-json\/wp\/v2\/users\/6"}],"replies":[{"embeddable":true,"href":"https:\/\/www.altungida.com.tr\/en\/wp-json\/wp\/v2\/comments?post=3179"}],"version-history":[{"count":4,"href":"https:\/\/www.altungida.com.tr\/en\/wp-json\/wp\/v2\/pages\/3179\/revisions"}],"predecessor-version":[{"id":5898,"href":"https:\/\/www.altungida.com.tr\/en\/wp-json\/wp\/v2\/pages\/3179\/revisions\/5898"}],"wp:attachment":[{"href":"https:\/\/www.altungida.com.tr\/en\/wp-json\/wp\/v2\/media?parent=3179"}],"curies":[{"name":"wp","href":"https:\/\/api.w.org\/{rel}","templated":true}]}}